{"id":1194,"date":"2019-07-11T19:36:10","date_gmt":"2019-07-11T17:36:10","guid":{"rendered":"http:\/\/ipag.dk-tech.fr\/index.php\/organisateur\/musze-dart-et-dhistoire\/"},"modified":"2024-02-06T15:14:09","modified_gmt":"2024-02-06T14:14:09","slug":"les-musees","status":"publish","type":"tribe_organizer","link":"https:\/\/saisonsculturelleschaumont.fr\/mdxpuixt\/qui\/les-musees\/","title":{"rendered":"mus\u00e9es"},"content":{"rendered":"\t\t<div data-elementor-type=\"wp-post\" data-elementor-id=\"1194\" class=\"elementor elementor-1194\">\n\t\t\t\t\t\t<div class=\"elementor-inner\">\n\t\t\t\t<div class=\"elementor-section-wrap\">\n\t\t\t\t\t\t\t\t\t<section class=\"elementor-section elementor-top-section elementor-element elementor-element-d095900 elementor-section-boxed elementor-section-height-default elementor-section-height-default\" data-id=\"d095900\" data-element_type=\"section\">\n\t\t\t\t\t\t<div class=\"elementor-container elementor-column-gap-default\">\n\t\t\t\t\t\t\t<div class=\"elementor-row\">\n\t\t\t\t\t<div class=\"elementor-column elementor-col-100 elementor-top-column elementor-element elementor-element-15a2878\" data-id=\"15a2878\" data-element_type=\"column\">\n\t\t\t<div class=\"elementor-column-wrap elementor-element-populated\">\n\t\t\t\t\t\t\t<div class=\"elementor-widget-wrap\">\n\t\t\t\t\t\t<div class=\"elementor-element elementor-element-4512824 elementor-widget elementor-widget-spacer\" data-id=\"4512824\" data-element_type=\"widget\" data-widget_type=\"spacer.default\">\n\t\t\t\t<div class=\"elementor-widget-container\">\n\t\t\t\t\t<div class=\"elementor-spacer\">\n\t\t\t<div class=\"elementor-spacer-inner\"><\/div>\n\t\t<\/div>\n\t\t\t\t<\/div>\n\t\t\t\t<\/div>\n\t\t\t\t\t\t<\/div>\n\t\t\t\t\t<\/div>\n\t\t<\/div>\n\t\t\t\t\t\t\t\t<\/div>\n\t\t\t\t\t<\/div>\n\t\t<\/section>\n\t\t\t\t<section class=\"elementor-section elementor-top-section elementor-element elementor-element-32a9fa03 elementor-section-full_width elementor-section-height-default elementor-section-height-default\" data-id=\"32a9fa03\" data-element_type=\"section\">\n\t\t\t\t\t\t<div class=\"elementor-container elementor-column-gap-no\">\n\t\t\t\t\t\t\t<div class=\"elementor-row\">\n\t\t\t\t\t<div class=\"elementor-column elementor-col-33 elementor-top-column elementor-element elementor-element-26fe10be dk-font-alterne\" data-id=\"26fe10be\" data-element_type=\"column\">\n\t\t\t<div class=\"elementor-column-wrap elementor-element-populated\">\n\t\t\t\t\t\t\t<div class=\"elementor-widget-wrap\">\n\t\t\t\t\t\t<div class=\"elementor-element elementor-element-19a51afa elementor-widget elementor-widget-text-editor\" data-id=\"19a51afa\" data-element_type=\"widget\" data-widget_type=\"text-editor.default\">\n\t\t\t\t<div class=\"elementor-widget-container\">\n\t\t\t\t\t\t\t\t<div class=\"elementor-text-editor elementor-clearfix\">\n\t\t\t\t<h5>le mus\u00e9e d&rsquo;art et d&rsquo;histoire<\/h5><p>place du palais de justice<br \/>52000 chaumont<\/p><h5>le mus\u00e9e de la cr\u00e8che<\/h5><p>1 rue des fr\u00e8res mistarlet<br \/>52000 chaumont<\/p><p>03 25 03 86 80<\/p><h5>horaires<\/h5><ul><li>ouverts tous les jours de 14h \u00e0 18h sauf le mardi.\u00a0Fermeture annuelle les 1er janvier, 1er mai et 25 d\u00e9cembre<\/li><\/ul><p>\u00a0<\/p>\t\t\t\t\t<\/div>\n\t\t\t\t\t\t<\/div>\n\t\t\t\t<\/div>\n\t\t\t\t\t\t<\/div>\n\t\t\t\t\t<\/div>\n\t\t<\/div>\n\t\t\t\t<div class=\"elementor-column elementor-col-66 elementor-top-column elementor-element elementor-element-028a074\" data-id=\"028a074\" data-element_type=\"column\">\n\t\t\t<div class=\"elementor-column-wrap elementor-element-populated\">\n\t\t\t\t\t\t\t<div class=\"elementor-widget-wrap\">\n\t\t\t\t\t\t<div class=\"elementor-element elementor-element-fae83f7 elementor-widget elementor-widget-text-editor\" data-id=\"fae83f7\" data-element_type=\"widget\" data-widget_type=\"text-editor.default\">\n\t\t\t\t<div class=\"elementor-widget-container\">\n\t\t\t\t\t\t\t\t<div class=\"elementor-text-editor elementor-clearfix\">\n\t\t\t\t<p><span data-contrast=\"auto\">Les mus\u00e9es de chaumont &#8211; <\/span><strong>le mus\u00e9e d\u2019art et d\u2019histoire et<\/strong><span data-contrast=\"auto\"><strong> le mus\u00e9e de la cr\u00e8che<\/strong> &#8211; <\/span><span data-contrast=\"auto\">conservent depuis leur origine r\u00e9volutionnaire des collections vari\u00e9es dans les domaines des beaux-arts (peinture, sculpture, arts graphiques), de l\u2019arch\u00e9ologie, des arts d\u00e9coratifs, de l\u2019art asiatique et des arts et traditions populaires.\u00a0<\/span><span data-ccp-props=\"{\">\u00a0<\/span><\/p><p><span data-contrast=\"auto\">Les mus\u00e9es valorisent leur fonds par des expositions temporaires, un roulement th\u00e9matique de l\u2019accrochage des peintures, des restaurations d\u2019<\/span><span data-contrast=\"auto\">\u0153uvres<\/span><span data-contrast=\"auto\">, des pr\u00e9sentations ponctuelles d\u2019<\/span><span data-contrast=\"auto\">\u0153uvres <\/span><span data-contrast=\"auto\">ou d\u2019objets d\u2019art. Des <\/span><span data-contrast=\"auto\">\u0153uvres <\/span><span data-contrast=\"auto\">sont en permanence \u00e9tudi\u00e9es et restaur\u00e9es afin d\u2019\u00eatre pr\u00e9sent\u00e9es au public. Les recherches sont accompagn\u00e9es de publications diffusant l\u2019existence et la signification des <\/span><span data-contrast=\"auto\">\u0153uvres.\u00a0<\/span><span data-ccp-props=\"{\">\u00a0<\/span><\/p><p><span data-contrast=\"auto\">Les mus\u00e9es organisent aussi un cycle annuel de conf\u00e9rences en partenariat avec les archives d\u00e9partement<\/span><span data-contrast=\"auto\">ales. Ils proposent \u00e9galement, depuis 2018, <\/span><span data-contrast=\"auto\">par le biais de leur charg\u00e9e des publics<\/span><span data-contrast=\"auto\">,<\/span><span data-contrast=\"auto\"> une offre d\u2019actions de m\u00e9diation (visites guid\u00e9es et ateliers p\u00e9dagogiques) vari\u00e9e.\u00a0<\/span><span data-ccp-props=\"{\">\u00a0<\/span><\/p><p><span data-contrast=\"auto\">Les mus\u00e9es sont ouverts au dialogue entre les arts et accueillent ponctuellement musiciens, danseurs, et conteurs ainsi qu<\/span><span data-contrast=\"auto\">\u2019au dialogue entre les \u00e9poques, <\/span><span data-contrast=\"auto\">en organisant par exemple des expositions d\u2019art contemporain qui entrent en r\u00e9sonance av<\/span><span data-contrast=\"auto\">ec les collections patrimoniales<\/span><span data-contrast=\"auto\">.<\/span><span data-ccp-props=\"{\">\u00a0<\/span><\/p><p><strong>\u2192 plein tarif : 2 \u20ac pour les 2 mus\u00e9es (billet coupl\u00e9)\u00a0<\/strong><\/p><p><strong>\u2192 demi-tarif : 1 \u20ac par personne pour les groupes de 10 personnes et plus\u00a0<\/strong><\/p><p><strong>\u2192 gratuit\u00e9 : moins de 18 ans, \u00e9tudiants, ch\u00f4meurs et allocataires des minima sociaux ; appliqu\u00e9e \u00e0 tous le 1er dimanche de chaque mois\u00a0<\/strong><\/p><p><strong>\u2192 ateliers p\u00e9dagogiques : 4 \u20ac\u00a0<\/strong><\/p><p><span data-contrast=\"auto\">Des <\/span><span data-contrast=\"auto\">visites guid\u00e9es et <\/span><span data-contrast=\"auto\">des <\/span><span data-contrast=\"auto\">ateliers p\u00e9dagogiques <\/span><span data-contrast=\"auto\">sont \u00e9galement propos\u00e9s <\/span><span data-contrast=\"auto\">en dehors des horaires d\u2019ouverture au public (tous les matins et le mardi apr\u00e8s-midi).<\/span> <span data-contrast=\"auto\">Ainsi qu\u2019une pr\u00e9paration de<\/span><span data-contrast=\"auto\"> visites ou ateliers avec les enseignants, <\/span><span data-contrast=\"auto\">avec la <\/span><span data-contrast=\"auto\">possibilit\u00e9 de r\u00e9pondre \u00e0 un souhait de th\u00e8me pr\u00e9cis de la part de ceux-ci.<\/span><span data-ccp-props=\"{\">\u00a0<\/span><\/p><p><span data-contrast=\"auto\">M\u00e9diation adapt\u00e9e aux enfants e<\/span><span data-contrast=\"auto\">n bas-\u00e2ge, aux personnes \u00e2g\u00e9es ainsi qu\u2019<\/span><span data-contrast=\"auto\">aux personnes en situation de handicap mental.<\/span><span data-ccp-props=\"{\">\u00a0<\/span><\/p>\t\t\t\t\t<\/div>\n\t\t\t\t\t\t<\/div>\n\t\t\t\t<\/div>\n\t\t\t\t\t\t<\/div>\n\t\t\t\t\t<\/div>\n\t\t<\/div>\n\t\t\t\t\t\t\t\t<\/div>\n\t\t\t\t\t<\/div>\n\t\t<\/section>\n\t\t\t\t\t\t\t\t\t<\/div>\n\t\t\t<\/div>\n\t\t\t\t\t<\/div>\n\t\t","protected":false},"excerpt":{"rendered":"<p>le mus\u00e9e d&rsquo;art et d&rsquo;histoire place du palais de justice52000 chaumont le mus\u00e9e de la cr\u00e8che 1 rue des fr\u00e8res mistarlet52000 chaumont 03 25 03 86 80 horaires ouverts tous [&hellip;]<\/p>\n","protected":false},"author":3,"featured_media":4859,"template":"","meta":{"_uag_custom_page_level_css":""},"yoast_head":"<!-- This site is optimized with the Yoast SEO plugin v21.1 - https:\/\/yoast.com\/wordpress\/plugins\/seo\/ -->\n<title>mus\u00e9es - Les Saisons Culturelles de Chaumont<\/title>\n<meta name=\"robots\" content=\"noindex, follow, max-snippet:-1, max-image-preview:large, max-video-preview:-1\" \/>\n<meta property=\"og:locale\" content=\"fr_FR\" \/>\n<meta property=\"og:type\" content=\"article\" \/>\n<meta property=\"og:title\" content=\"mus\u00e9es - Les Saisons Culturelles de Chaumont\" \/>\n<meta property=\"og:description\" content=\"le mus\u00e9e d&rsquo;art et d&rsquo;histoire place du palais de justice52000 chaumont le mus\u00e9e de la cr\u00e8che 1 rue des fr\u00e8res mistarlet52000 chaumont 03 25 03 86 80 horaires ouverts tous [&hellip;]\" \/>\n<meta property=\"og:url\" content=\"https:\/\/saisonsculturelleschaumont.fr\/mdxpuixt\/qui\/les-musees\/\" \/>\n<meta property=\"og:site_name\" content=\"Les Saisons Culturelles de Chaumont\" \/>\n<meta property=\"article:publisher\" content=\"https:\/\/www.facebook.com\/saisonsculturelleschaumont\/\" \/>\n<meta property=\"article:modified_time\" content=\"2024-02-06T14:14:09+00:00\" \/>\n<meta property=\"og:image\" content=\"https:\/\/saisonsculturelleschaumont.fr\/mdxpuixt\/wp-content\/uploads\/2019\/07\/BANDEAUX-Musees-03.png\" \/>\n\t<meta property=\"og:image:width\" content=\"1442\" \/>\n\t<meta property=\"og:image:height\" content=\"850\" \/>\n\t<meta property=\"og:image:type\" content=\"image\/png\" \/>\n<meta name=\"twitter:card\" content=\"summary_large_image\" \/>\n<meta name=\"twitter:label1\" content=\"Dur\u00e9e de lecture estim\u00e9e\" \/>\n\t<meta name=\"twitter:data1\" content=\"2 minutes\" \/>\n<script type=\"application\/ld+json\" class=\"yoast-schema-graph\">{\"@context\":\"https:\/\/schema.org\",\"@graph\":[{\"@type\":\"WebPage\",\"@id\":\"https:\/\/saisonsculturelleschaumont.fr\/mdxpuixt\/qui\/les-musees\/\",\"url\":\"https:\/\/saisonsculturelleschaumont.fr\/mdxpuixt\/qui\/les-musees\/\",\"name\":\"mus\u00e9es - Les Saisons Culturelles de Chaumont\",\"isPartOf\":{\"@id\":\"https:\/\/saisonsculturelleschaumont.fr\/mdxpuixt\/#website\"},\"datePublished\":\"2019-07-11T17:36:10+00:00\",\"dateModified\":\"2024-02-06T14:14:09+00:00\",\"breadcrumb\":{\"@id\":\"https:\/\/saisonsculturelleschaumont.fr\/mdxpuixt\/qui\/les-musees\/#breadcrumb\"},\"inLanguage\":\"fr-FR\",\"potentialAction\":[{\"@type\":\"ReadAction\",\"target\":[\"https:\/\/saisonsculturelleschaumont.fr\/mdxpuixt\/qui\/les-musees\/\"]}]},{\"@type\":\"BreadcrumbList\",\"@id\":\"https:\/\/saisonsculturelleschaumont.fr\/mdxpuixt\/qui\/les-musees\/#breadcrumb\",\"itemListElement\":[{\"@type\":\"ListItem\",\"position\":1,\"name\":\"Accueil\",\"item\":\"https:\/\/saisonsculturelleschaumont.fr\/mdxpuixt\/\"},{\"@type\":\"ListItem\",\"position\":2,\"name\":\"mus\u00e9es\"}]},{\"@type\":\"WebSite\",\"@id\":\"https:\/\/saisonsculturelleschaumont.fr\/mdxpuixt\/#website\",\"url\":\"https:\/\/saisonsculturelleschaumont.fr\/mdxpuixt\/\",\"name\":\"Les Saisons Culturelles de Chaumont\",\"description\":\"\",\"potentialAction\":[{\"@type\":\"SearchAction\",\"target\":{\"@type\":\"EntryPoint\",\"urlTemplate\":\"https:\/\/saisonsculturelleschaumont.fr\/mdxpuixt\/?s={search_term_string}\"},\"query-input\":\"required name=search_term_string\"}],\"inLanguage\":\"fr-FR\"}]}<\/script>\n<!-- \/ Yoast SEO plugin. -->","yoast_head_json":{"title":"mus\u00e9es - Les Saisons Culturelles de Chaumont","robots":{"index":"noindex","follow":"follow","max-snippet":"max-snippet:-1","max-image-preview":"max-image-preview:large","max-video-preview":"max-video-preview:-1"},"og_locale":"fr_FR","og_type":"article","og_title":"mus\u00e9es - Les Saisons Culturelles de Chaumont","og_description":"le mus\u00e9e d&rsquo;art et d&rsquo;histoire place du palais de justice52000 chaumont le mus\u00e9e de la cr\u00e8che 1 rue des fr\u00e8res mistarlet52000 chaumont 03 25 03 86 80 horaires ouverts tous [&hellip;]","og_url":"https:\/\/saisonsculturelleschaumont.fr\/mdxpuixt\/qui\/les-musees\/","og_site_name":"Les Saisons Culturelles de Chaumont","article_publisher":"https:\/\/www.facebook.com\/saisonsculturelleschaumont\/","article_modified_time":"2024-02-06T14:14:09+00:00","og_image":[{"width":1442,"height":850,"url":"https:\/\/saisonsculturelleschaumont.fr\/mdxpuixt\/wp-content\/uploads\/2019\/07\/BANDEAUX-Musees-03.png","type":"image\/png"}],"twitter_card":"summary_large_image","twitter_misc":{"Dur\u00e9e de lecture estim\u00e9e":"2 minutes"},"schema":{"@context":"https:\/\/schema.org","@graph":[{"@type":"WebPage","@id":"https:\/\/saisonsculturelleschaumont.fr\/mdxpuixt\/qui\/les-musees\/","url":"https:\/\/saisonsculturelleschaumont.fr\/mdxpuixt\/qui\/les-musees\/","name":"mus\u00e9es - Les Saisons Culturelles de Chaumont","isPartOf":{"@id":"https:\/\/saisonsculturelleschaumont.fr\/mdxpuixt\/#website"},"datePublished":"2019-07-11T17:36:10+00:00","dateModified":"2024-02-06T14:14:09+00:00","breadcrumb":{"@id":"https:\/\/saisonsculturelleschaumont.fr\/mdxpuixt\/qui\/les-musees\/#breadcrumb"},"inLanguage":"fr-FR","potentialAction":[{"@type":"ReadAction","target":["https:\/\/saisonsculturelleschaumont.fr\/mdxpuixt\/qui\/les-musees\/"]}]},{"@type":"BreadcrumbList","@id":"https:\/\/saisonsculturelleschaumont.fr\/mdxpuixt\/qui\/les-musees\/#breadcrumb","itemListElement":[{"@type":"ListItem","position":1,"name":"Accueil","item":"https:\/\/saisonsculturelleschaumont.fr\/mdxpuixt\/"},{"@type":"ListItem","position":2,"name":"mus\u00e9es"}]},{"@type":"WebSite","@id":"https:\/\/saisonsculturelleschaumont.fr\/mdxpuixt\/#website","url":"https:\/\/saisonsculturelleschaumont.fr\/mdxpuixt\/","name":"Les Saisons Culturelles de Chaumont","description":"","potentialAction":[{"@type":"SearchAction","target":{"@type":"EntryPoint","urlTemplate":"https:\/\/saisonsculturelleschaumont.fr\/mdxpuixt\/?s={search_term_string}"},"query-input":"required name=search_term_string"}],"inLanguage":"fr-FR"}]}},"uagb_featured_image_src":{"full":["https:\/\/saisonsculturelleschaumont.fr\/mdxpuixt\/wp-content\/uploads\/2019\/07\/BANDEAUX-Musees-03.png",1442,850,false],"thumbnail":["https:\/\/saisonsculturelleschaumont.fr\/mdxpuixt\/wp-content\/uploads\/2019\/07\/BANDEAUX-Musees-03-80x80.png",80,80,true],"medium":["https:\/\/saisonsculturelleschaumont.fr\/mdxpuixt\/wp-content\/uploads\/2019\/07\/BANDEAUX-Musees-03-300x300.png",300,300,true],"medium_large":["https:\/\/saisonsculturelleschaumont.fr\/mdxpuixt\/wp-content\/uploads\/2019\/07\/BANDEAUX-Musees-03-768x768.png",768,768,true],"large":["https:\/\/saisonsculturelleschaumont.fr\/mdxpuixt\/wp-content\/uploads\/2019\/07\/BANDEAUX-Musees-03-1030x850.png",1030,850,true],"1536x1536":["https:\/\/saisonsculturelleschaumont.fr\/mdxpuixt\/wp-content\/uploads\/2019\/07\/BANDEAUX-Musees-03.png",1442,850,false],"2048x2048":["https:\/\/saisonsculturelleschaumont.fr\/mdxpuixt\/wp-content\/uploads\/2019\/07\/BANDEAUX-Musees-03.png",1442,850,false],"widget":["https:\/\/saisonsculturelleschaumont.fr\/mdxpuixt\/wp-content\/uploads\/2019\/07\/BANDEAUX-Musees-03-36x36.png",36,36,true],"square":["https:\/\/saisonsculturelleschaumont.fr\/mdxpuixt\/wp-content\/uploads\/2019\/07\/BANDEAUX-Musees-03-180x180.png",180,180,true],"featured":["https:\/\/saisonsculturelleschaumont.fr\/mdxpuixt\/wp-content\/uploads\/2019\/07\/BANDEAUX-Musees-03-1442x430.png",1442,430,true],"featured_large":["https:\/\/saisonsculturelleschaumont.fr\/mdxpuixt\/wp-content\/uploads\/2019\/07\/BANDEAUX-Musees-03-1442x630.png",1442,630,true],"extra_large":["https:\/\/saisonsculturelleschaumont.fr\/mdxpuixt\/wp-content\/uploads\/2019\/07\/BANDEAUX-Musees-03.png",1442,850,false],"portfolio":["https:\/\/saisonsculturelleschaumont.fr\/mdxpuixt\/wp-content\/uploads\/2019\/07\/BANDEAUX-Musees-03-495x400.png",495,400,true],"portfolio_small":["https:\/\/saisonsculturelleschaumont.fr\/mdxpuixt\/wp-content\/uploads\/2019\/07\/BANDEAUX-Musees-03-260x185.png",260,185,true],"gallery":["https:\/\/saisonsculturelleschaumont.fr\/mdxpuixt\/wp-content\/uploads\/2019\/07\/BANDEAUX-Musees-03-845x684.png",845,684,true],"magazine":["https:\/\/saisonsculturelleschaumont.fr\/mdxpuixt\/wp-content\/uploads\/2019\/07\/BANDEAUX-Musees-03-710x375.png",710,375,true],"masonry":["https:\/\/saisonsculturelleschaumont.fr\/mdxpuixt\/wp-content\/uploads\/2019\/07\/BANDEAUX-Musees-03-705x416.png",705,416,true],"entry_with_sidebar":["https:\/\/saisonsculturelleschaumont.fr\/mdxpuixt\/wp-content\/uploads\/2019\/07\/BANDEAUX-Musees-03-845x321.png",845,321,true],"entry_without_sidebar":["https:\/\/saisonsculturelleschaumont.fr\/mdxpuixt\/wp-content\/uploads\/2019\/07\/BANDEAUX-Musees-03-1210x423.png",1210,423,true]},"uagb_author_info":{"display_name":"Justine Ansel","author_link":"https:\/\/saisonsculturelleschaumont.fr\/mdxpuixt\/author\/justine-ansel\/"},"uagb_comment_info":0,"uagb_excerpt":"le mus\u00e9e d&rsquo;art et d&rsquo;histoire place du palais de justice52000 chaumont le mus\u00e9e de la cr\u00e8che 1 rue des fr\u00e8res mistarlet52000 chaumont 03 25 03 86 80 horaires ouverts tous [&hellip;]","_links":{"self":[{"href":"https:\/\/saisonsculturelleschaumont.fr\/mdxpuixt\/wp-json\/wp\/v2\/tribe_organizer\/1194"}],"collection":[{"href":"https:\/\/saisonsculturelleschaumont.fr\/mdxpuixt\/wp-json\/wp\/v2\/tribe_organizer"}],"about":[{"href":"https:\/\/saisonsculturelleschaumont.fr\/mdxpuixt\/wp-json\/wp\/v2\/types\/tribe_organizer"}],"author":[{"embeddable":true,"href":"https:\/\/saisonsculturelleschaumont.fr\/mdxpuixt\/wp-json\/wp\/v2\/users\/3"}],"version-history":[{"count":0,"href":"https:\/\/saisonsculturelleschaumont.fr\/mdxpuixt\/wp-json\/wp\/v2\/tribe_organizer\/1194\/revisions"}],"wp:featuredmedia":[{"embeddable":true,"href":"https:\/\/saisonsculturelleschaumont.fr\/mdxpuixt\/wp-json\/wp\/v2\/media\/4859"}],"wp:attachment":[{"href":"https:\/\/saisonsculturelleschaumont.fr\/mdxpuixt\/wp-json\/wp\/v2\/media?parent=1194"}],"curies":[{"name":"wp","href":"https:\/\/api.w.org\/{rel}","templated":true}]}}