{"id":2804,"date":"2019-07-26T10:23:13","date_gmt":"2019-07-26T08:23:13","guid":{"rendered":"http:\/\/ipag.dk-tech.fr\/?post_type=tribe_organizer&#038;p=2804"},"modified":"2023-08-03T16:31:54","modified_gmt":"2023-08-03T14:31:54","slug":"actions-dans-la-ville","status":"publish","type":"tribe_organizer","link":"https:\/\/saisonsculturelleschaumont.fr\/mdxpuixt\/qui\/actions-dans-la-ville\/","title":{"rendered":"dans la ville"},"content":{"rendered":"\t\t<div data-elementor-type=\"wp-post\" data-elementor-id=\"2804\" class=\"elementor elementor-2804\">\n\t\t\t\t\t\t<div class=\"elementor-inner\">\n\t\t\t\t<div class=\"elementor-section-wrap\">\n\t\t\t\t\t\t\t\t\t<section class=\"elementor-section elementor-top-section elementor-element elementor-element-37d7fdd9 elementor-section-boxed elementor-section-height-default elementor-section-height-default\" data-id=\"37d7fdd9\" data-element_type=\"section\">\n\t\t\t\t\t\t<div class=\"elementor-container elementor-column-gap-default\">\n\t\t\t\t\t\t\t<div class=\"elementor-row\">\n\t\t\t\t\t<div class=\"elementor-column elementor-col-100 elementor-top-column elementor-element elementor-element-76d89bbe\" data-id=\"76d89bbe\" data-element_type=\"column\">\n\t\t\t<div class=\"elementor-column-wrap elementor-element-populated\">\n\t\t\t\t\t\t\t<div class=\"elementor-widget-wrap\">\n\t\t\t\t\t\t<div class=\"elementor-element elementor-element-78604799 elementor-widget elementor-widget-spacer\" data-id=\"78604799\" data-element_type=\"widget\" data-widget_type=\"spacer.default\">\n\t\t\t\t<div class=\"elementor-widget-container\">\n\t\t\t\t\t<div class=\"elementor-spacer\">\n\t\t\t<div class=\"elementor-spacer-inner\"><\/div>\n\t\t<\/div>\n\t\t\t\t<\/div>\n\t\t\t\t<\/div>\n\t\t\t\t\t\t<\/div>\n\t\t\t\t\t<\/div>\n\t\t<\/div>\n\t\t\t\t\t\t\t\t<\/div>\n\t\t\t\t\t<\/div>\n\t\t<\/section>\n\t\t\t\t<section class=\"elementor-section elementor-top-section elementor-element elementor-element-5736eb5d elementor-section-full_width elementor-section-height-default elementor-section-height-default\" data-id=\"5736eb5d\" data-element_type=\"section\">\n\t\t\t\t\t\t<div class=\"elementor-container elementor-column-gap-no\">\n\t\t\t\t\t\t\t<div class=\"elementor-row\">\n\t\t\t\t\t<div class=\"elementor-column elementor-col-33 elementor-top-column elementor-element elementor-element-2fc2f91 dk-font-alterne\" data-id=\"2fc2f91\" data-element_type=\"column\">\n\t\t\t<div class=\"elementor-column-wrap\">\n\t\t\t\t\t\t\t<div class=\"elementor-widget-wrap\">\n\t\t\t\t\t\t\t\t<\/div>\n\t\t\t\t\t<\/div>\n\t\t<\/div>\n\t\t\t\t<div class=\"elementor-column elementor-col-66 elementor-top-column elementor-element elementor-element-70b030ff\" data-id=\"70b030ff\" data-element_type=\"column\">\n\t\t\t<div class=\"elementor-column-wrap elementor-element-populated\">\n\t\t\t\t\t\t\t<div class=\"elementor-widget-wrap\">\n\t\t\t\t\t\t<div class=\"elementor-element elementor-element-d5ea1b3 elementor-widget elementor-widget-text-editor\" data-id=\"d5ea1b3\" data-element_type=\"widget\" data-widget_type=\"text-editor.default\">\n\t\t\t\t<div class=\"elementor-widget-container\">\n\t\t\t\t\t\t\t\t<div class=\"elementor-text-editor elementor-clearfix\">\n\t\t\t\t<p><span data-contrast=\"auto\">Amener la culture dans l\u2019espace public, hors les murs, la rendre accessible \u00e0 tous, fait partie de la politique culturelle men\u00e9e par la Ville de Chaumont.<\/span><span data-ccp-props=\"{&quot;201341983&quot;:0,&quot;335559739&quot;:200,&quot;335559740&quot;:276}\">\u00a0<\/span><\/p><p><span data-contrast=\"auto\">Concerts, cin\u00e9ma en plein air, th\u00e9\u00e2tre et cirque de rue, installations <\/span><span data-contrast=\"auto\">artistiques et interventions graphiques<\/span><span data-contrast=\"auto\">\u202f;<\/span> <span data-contrast=\"auto\">place de l\u2019h\u00f4tel de ville, place des arts, march\u00e9 couvert, square du boulingrin, jardin <\/span><span data-contrast=\"auto\">agathe<\/span> <span data-contrast=\"auto\">roul<\/span><span data-contrast=\"auto\">l<\/span><span data-contrast=\"auto\">ot<\/span><span data-contrast=\"auto\">\u202f<\/span><span data-contrast=\"auto\">: les disciplines et les lieux sont nombreux et <\/span><span data-contrast=\"auto\">vari\u00e9s.\u00a0<\/span><span data-ccp-props=\"{&quot;201341983&quot;:0,&quot;335559739&quot;:200,&quot;335559740&quot;:276}\">\u00a0<\/span><\/p><p><span data-contrast=\"auto\">Les projets se veulent inclusifs, en lien avec le territoire, men\u00e9s avec<\/span><span data-contrast=\"auto\"> tous les services de la collectivit\u00e9 pour faciliter leur mise en \u0153uvre, mais \u00e9galement avec <\/span><span data-contrast=\"auto\">le tissu associatif, les jeunes \u00e9tudiants et les commer\u00e7ants de C<\/span><span data-contrast=\"auto\">haumont. Ils animent la ville,<\/span><span data-contrast=\"auto\"> mettent en valeur le patrimoine local, <\/span><span data-contrast=\"auto\">et <\/span><span data-contrast=\"auto\">am\u00e8nent<\/span><span data-contrast=\"auto\"> un v\u00e9ritable dialogue<\/span><span data-contrast=\"auto\">\u202f<\/span><span data-contrast=\"auto\">:<\/span> <span data-contrast=\"auto\">une autre fa\u00e7on d\u2019\u00eatre ensemble<\/span><span data-contrast=\"auto\">, un pas vers la d\u00e9mocratisation culturelle.<\/span><span data-ccp-props=\"{&quot;201341983&quot;:0,&quot;335559739&quot;:200,&quot;335559740&quot;:276}\">\u00a0<\/span><\/p><p><span data-contrast=\"auto\">Une mani\u00e8re d\u2019enrayer les d\u00e9terminismes sociaux, culturels ou \u00e9ducatifs comme l\u2019<\/span><span data-contrast=\"auto\">a promulgu\u00e9 le rapport de la<\/span> <span data-contrast=\"auto\">MNACEP<\/span><span data-contrast=\"auto\"> \u2013 Mission Nationale pour l\u2019Art et la Culture dans l\u2019Espace Public <\/span><span data-contrast=\"auto\">\u2013<\/span> <span data-contrast=\"auto\">mise en place par le<\/span><span data-contrast=\"auto\"> Minist\u00e8re de la Culture en <\/span><span data-contrast=\"auto\">2014<\/span><span data-contrast=\"auto\">. <\/span><span data-contrast=\"auto\">C\u2019est a<\/span><span data-contrast=\"auto\">ller continuellement du dedans au dehors et vice et versa pour d\u00e9cloisonner les pratiques culturelles et investir les lieux<\/span><span data-contrast=\"auto\"> les plus divers<\/span> <span data-contrast=\"auto\">de tous types de formes <\/span><span data-contrast=\"auto\">d\u2019expression artistique<\/span><span data-contrast=\"auto\">.<\/span><span data-ccp-props=\"{&quot;201341983&quot;:0,&quot;335559739&quot;:200,&quot;335559740&quot;:276}\">\u00a0<\/span><\/p>\t\t\t\t\t<\/div>\n\t\t\t\t\t\t<\/div>\n\t\t\t\t<\/div>\n\t\t\t\t\t\t<\/div>\n\t\t\t\t\t<\/div>\n\t\t<\/div>\n\t\t\t\t\t\t\t\t<\/div>\n\t\t\t\t\t<\/div>\n\t\t<\/section>\n\t\t\t\t\t\t\t\t\t<\/div>\n\t\t\t<\/div>\n\t\t\t\t\t<\/div>\n\t\t","protected":false},"excerpt":{"rendered":"<p>Amener la culture dans l\u2019espace public, hors les murs, la rendre accessible \u00e0 tous, fait partie de la politique culturelle men\u00e9e par la Ville de Chaumont.\u00a0 Concerts, cin\u00e9ma en plein [&hellip;]<\/p>\n","protected":false},"author":3,"featured_media":0,"template":"","meta":{"_uag_custom_page_level_css":""},"yoast_head":"<!-- This site is optimized with the Yoast SEO plugin v21.1 - https:\/\/yoast.com\/wordpress\/plugins\/seo\/ -->\n<title>dans la ville - Les Saisons Culturelles de Chaumont<\/title>\n<meta name=\"robots\" content=\"noindex, follow, max-snippet:-1, max-image-preview:large, max-video-preview:-1\" \/>\n<meta property=\"og:locale\" content=\"fr_FR\" \/>\n<meta property=\"og:type\" content=\"article\" \/>\n<meta property=\"og:title\" content=\"dans la ville - Les Saisons Culturelles de Chaumont\" \/>\n<meta property=\"og:description\" content=\"Amener la culture dans l\u2019espace public, hors les murs, la rendre accessible \u00e0 tous, fait partie de la politique culturelle men\u00e9e par la Ville de Chaumont.\u00a0 Concerts, cin\u00e9ma en plein [&hellip;]\" \/>\n<meta property=\"og:url\" content=\"https:\/\/saisonsculturelleschaumont.fr\/mdxpuixt\/qui\/actions-dans-la-ville\/\" \/>\n<meta property=\"og:site_name\" content=\"Les Saisons Culturelles de Chaumont\" \/>\n<meta property=\"article:publisher\" content=\"https:\/\/www.facebook.com\/saisonsculturelleschaumont\/\" \/>\n<meta property=\"article:modified_time\" content=\"2023-08-03T14:31:54+00:00\" \/>\n<meta property=\"og:image\" content=\"https:\/\/saisonsculturelleschaumont.fr\/mdxpuixt\/wp-content\/uploads\/2023\/09\/Bandeau-de-couverture_FB-_SCC8.png\" \/>\n\t<meta property=\"og:image:width\" content=\"3396\" \/>\n\t<meta property=\"og:image:height\" content=\"1313\" \/>\n\t<meta property=\"og:image:type\" content=\"image\/png\" \/>\n<meta name=\"twitter:card\" content=\"summary_large_image\" \/>\n<meta name=\"twitter:label1\" content=\"Dur\u00e9e de lecture estim\u00e9e\" \/>\n\t<meta name=\"twitter:data1\" content=\"1 minute\" \/>\n<script type=\"application\/ld+json\" class=\"yoast-schema-graph\">{\"@context\":\"https:\/\/schema.org\",\"@graph\":[{\"@type\":\"WebPage\",\"@id\":\"https:\/\/saisonsculturelleschaumont.fr\/mdxpuixt\/qui\/actions-dans-la-ville\/\",\"url\":\"https:\/\/saisonsculturelleschaumont.fr\/mdxpuixt\/qui\/actions-dans-la-ville\/\",\"name\":\"dans la ville - Les Saisons Culturelles de Chaumont\",\"isPartOf\":{\"@id\":\"https:\/\/saisonsculturelleschaumont.fr\/mdxpuixt\/#website\"},\"datePublished\":\"2019-07-26T08:23:13+00:00\",\"dateModified\":\"2023-08-03T14:31:54+00:00\",\"breadcrumb\":{\"@id\":\"https:\/\/saisonsculturelleschaumont.fr\/mdxpuixt\/qui\/actions-dans-la-ville\/#breadcrumb\"},\"inLanguage\":\"fr-FR\",\"potentialAction\":[{\"@type\":\"ReadAction\",\"target\":[\"https:\/\/saisonsculturelleschaumont.fr\/mdxpuixt\/qui\/actions-dans-la-ville\/\"]}]},{\"@type\":\"BreadcrumbList\",\"@id\":\"https:\/\/saisonsculturelleschaumont.fr\/mdxpuixt\/qui\/actions-dans-la-ville\/#breadcrumb\",\"itemListElement\":[{\"@type\":\"ListItem\",\"position\":1,\"name\":\"Accueil\",\"item\":\"https:\/\/saisonsculturelleschaumont.fr\/mdxpuixt\/\"},{\"@type\":\"ListItem\",\"position\":2,\"name\":\"dans la ville\"}]},{\"@type\":\"WebSite\",\"@id\":\"https:\/\/saisonsculturelleschaumont.fr\/mdxpuixt\/#website\",\"url\":\"https:\/\/saisonsculturelleschaumont.fr\/mdxpuixt\/\",\"name\":\"Les Saisons Culturelles de Chaumont\",\"description\":\"\",\"potentialAction\":[{\"@type\":\"SearchAction\",\"target\":{\"@type\":\"EntryPoint\",\"urlTemplate\":\"https:\/\/saisonsculturelleschaumont.fr\/mdxpuixt\/?s={search_term_string}\"},\"query-input\":\"required name=search_term_string\"}],\"inLanguage\":\"fr-FR\"}]}<\/script>\n<!-- \/ Yoast SEO plugin. -->","yoast_head_json":{"title":"dans la ville - Les Saisons Culturelles de Chaumont","robots":{"index":"noindex","follow":"follow","max-snippet":"max-snippet:-1","max-image-preview":"max-image-preview:large","max-video-preview":"max-video-preview:-1"},"og_locale":"fr_FR","og_type":"article","og_title":"dans la ville - Les Saisons Culturelles de Chaumont","og_description":"Amener la culture dans l\u2019espace public, hors les murs, la rendre accessible \u00e0 tous, fait partie de la politique culturelle men\u00e9e par la Ville de Chaumont.\u00a0 Concerts, cin\u00e9ma en plein [&hellip;]","og_url":"https:\/\/saisonsculturelleschaumont.fr\/mdxpuixt\/qui\/actions-dans-la-ville\/","og_site_name":"Les Saisons Culturelles de Chaumont","article_publisher":"https:\/\/www.facebook.com\/saisonsculturelleschaumont\/","article_modified_time":"2023-08-03T14:31:54+00:00","og_image":[{"width":3396,"height":1313,"url":"https:\/\/saisonsculturelleschaumont.fr\/mdxpuixt\/wp-content\/uploads\/2023\/09\/Bandeau-de-couverture_FB-_SCC8.png","type":"image\/png"}],"twitter_card":"summary_large_image","twitter_misc":{"Dur\u00e9e de lecture estim\u00e9e":"1 minute"},"schema":{"@context":"https:\/\/schema.org","@graph":[{"@type":"WebPage","@id":"https:\/\/saisonsculturelleschaumont.fr\/mdxpuixt\/qui\/actions-dans-la-ville\/","url":"https:\/\/saisonsculturelleschaumont.fr\/mdxpuixt\/qui\/actions-dans-la-ville\/","name":"dans la ville - Les Saisons Culturelles de Chaumont","isPartOf":{"@id":"https:\/\/saisonsculturelleschaumont.fr\/mdxpuixt\/#website"},"datePublished":"2019-07-26T08:23:13+00:00","dateModified":"2023-08-03T14:31:54+00:00","breadcrumb":{"@id":"https:\/\/saisonsculturelleschaumont.fr\/mdxpuixt\/qui\/actions-dans-la-ville\/#breadcrumb"},"inLanguage":"fr-FR","potentialAction":[{"@type":"ReadAction","target":["https:\/\/saisonsculturelleschaumont.fr\/mdxpuixt\/qui\/actions-dans-la-ville\/"]}]},{"@type":"BreadcrumbList","@id":"https:\/\/saisonsculturelleschaumont.fr\/mdxpuixt\/qui\/actions-dans-la-ville\/#breadcrumb","itemListElement":[{"@type":"ListItem","position":1,"name":"Accueil","item":"https:\/\/saisonsculturelleschaumont.fr\/mdxpuixt\/"},{"@type":"ListItem","position":2,"name":"dans la ville"}]},{"@type":"WebSite","@id":"https:\/\/saisonsculturelleschaumont.fr\/mdxpuixt\/#website","url":"https:\/\/saisonsculturelleschaumont.fr\/mdxpuixt\/","name":"Les Saisons Culturelles de Chaumont","description":"","potentialAction":[{"@type":"SearchAction","target":{"@type":"EntryPoint","urlTemplate":"https:\/\/saisonsculturelleschaumont.fr\/mdxpuixt\/?s={search_term_string}"},"query-input":"required name=search_term_string"}],"inLanguage":"fr-FR"}]}},"uagb_featured_image_src":{"full":false,"thumbnail":false,"medium":false,"medium_large":false,"large":false,"1536x1536":false,"2048x2048":false,"widget":false,"square":false,"featured":false,"featured_large":false,"extra_large":false,"portfolio":false,"portfolio_small":false,"gallery":false,"magazine":false,"masonry":false,"entry_with_sidebar":false,"entry_without_sidebar":false},"uagb_author_info":{"display_name":"Justine Ansel","author_link":"https:\/\/saisonsculturelleschaumont.fr\/mdxpuixt\/author\/justine-ansel\/"},"uagb_comment_info":0,"uagb_excerpt":"Amener la culture dans l\u2019espace public, hors les murs, la rendre accessible \u00e0 tous, fait partie de la politique culturelle men\u00e9e par la Ville de Chaumont.\u00a0 Concerts, cin\u00e9ma en plein [&hellip;]","_links":{"self":[{"href":"https:\/\/saisonsculturelleschaumont.fr\/mdxpuixt\/wp-json\/wp\/v2\/tribe_organizer\/2804"}],"collection":[{"href":"https:\/\/saisonsculturelleschaumont.fr\/mdxpuixt\/wp-json\/wp\/v2\/tribe_organizer"}],"about":[{"href":"https:\/\/saisonsculturelleschaumont.fr\/mdxpuixt\/wp-json\/wp\/v2\/types\/tribe_organizer"}],"author":[{"embeddable":true,"href":"https:\/\/saisonsculturelleschaumont.fr\/mdxpuixt\/wp-json\/wp\/v2\/users\/3"}],"version-history":[{"count":0,"href":"https:\/\/saisonsculturelleschaumont.fr\/mdxpuixt\/wp-json\/wp\/v2\/tribe_organizer\/2804\/revisions"}],"wp:attachment":[{"href":"https:\/\/saisonsculturelleschaumont.fr\/mdxpuixt\/wp-json\/wp\/v2\/media?parent=2804"}],"curies":[{"name":"wp","href":"https:\/\/api.w.org\/{rel}","templated":true}]}}