{"id":2911,"date":"2019-08-02T09:50:39","date_gmt":"2019-08-02T07:50:39","guid":{"rendered":"https:\/\/saisonsculturelleschaumont.fr\/mdxpuixt\/?post_type=tribe_organizer&#038;p=2911"},"modified":"2023-08-03T16:30:07","modified_gmt":"2023-08-03T14:30:07","slug":"le-conservatoire","status":"publish","type":"tribe_organizer","link":"https:\/\/saisonsculturelleschaumont.fr\/mdxpuixt\/qui\/le-conservatoire\/","title":{"rendered":"le conservatoire de musique"},"content":{"rendered":"\t\t<div data-elementor-type=\"wp-post\" data-elementor-id=\"2911\" class=\"elementor elementor-2911\">\n\t\t\t\t\t\t<div class=\"elementor-inner\">\n\t\t\t\t<div class=\"elementor-section-wrap\">\n\t\t\t\t\t\t\t\t\t<section class=\"elementor-section elementor-top-section elementor-element elementor-element-3719931b elementor-section-boxed elementor-section-height-default elementor-section-height-default\" data-id=\"3719931b\" data-element_type=\"section\">\n\t\t\t\t\t\t<div class=\"elementor-container elementor-column-gap-default\">\n\t\t\t\t\t\t\t<div class=\"elementor-row\">\n\t\t\t\t\t<div class=\"elementor-column elementor-col-100 elementor-top-column elementor-element elementor-element-4b2a180f\" data-id=\"4b2a180f\" data-element_type=\"column\">\n\t\t\t<div class=\"elementor-column-wrap elementor-element-populated\">\n\t\t\t\t\t\t\t<div class=\"elementor-widget-wrap\">\n\t\t\t\t\t\t<div class=\"elementor-element elementor-element-2b3cf22b elementor-widget elementor-widget-spacer\" data-id=\"2b3cf22b\" data-element_type=\"widget\" data-widget_type=\"spacer.default\">\n\t\t\t\t<div class=\"elementor-widget-container\">\n\t\t\t\t\t<div class=\"elementor-spacer\">\n\t\t\t<div class=\"elementor-spacer-inner\"><\/div>\n\t\t<\/div>\n\t\t\t\t<\/div>\n\t\t\t\t<\/div>\n\t\t\t\t\t\t<\/div>\n\t\t\t\t\t<\/div>\n\t\t<\/div>\n\t\t\t\t\t\t\t\t<\/div>\n\t\t\t\t\t<\/div>\n\t\t<\/section>\n\t\t\t\t<section class=\"elementor-section elementor-top-section elementor-element elementor-element-353ec642 elementor-section-full_width elementor-section-height-default elementor-section-height-default\" data-id=\"353ec642\" data-element_type=\"section\">\n\t\t\t\t\t\t<div class=\"elementor-container elementor-column-gap-no\">\n\t\t\t\t\t\t\t<div class=\"elementor-row\">\n\t\t\t\t\t<div class=\"elementor-column elementor-col-33 elementor-top-column elementor-element elementor-element-2d165c0a dk-font-alterne\" data-id=\"2d165c0a\" data-element_type=\"column\">\n\t\t\t<div class=\"elementor-column-wrap elementor-element-populated\">\n\t\t\t\t\t\t\t<div class=\"elementor-widget-wrap\">\n\t\t\t\t\t\t<div class=\"elementor-element elementor-element-27fd9756 elementor-widget elementor-widget-text-editor\" data-id=\"27fd9756\" data-element_type=\"widget\" data-widget_type=\"text-editor.default\">\n\t\t\t\t<div class=\"elementor-widget-container\">\n\t\t\t\t\t\t\t\t<div class=\"elementor-text-editor elementor-clearfix\">\n\t\t\t\t<h5>le conservatoire de musique<\/h5><p>12 rue dutailly<br \/>52000 chaumont<br \/>03 25 30 60 50<\/p><h5>horaires<\/h5><div class=\"page\" title=\"Page 1\"><div class=\"section\"><div class=\"layoutArea\"><div class=\"column\"><ul><li>ouvert du lundi au vendredi de 9h a\u0300 11h30 &amp; de 14h a\u0300 18h samedi de 9h a\u0300 11h\u00a0<\/li><\/ul><\/div><\/div><\/div><\/div>\t\t\t\t\t<\/div>\n\t\t\t\t\t\t<\/div>\n\t\t\t\t<\/div>\n\t\t\t\t\t\t<\/div>\n\t\t\t\t\t<\/div>\n\t\t<\/div>\n\t\t\t\t<div class=\"elementor-column elementor-col-66 elementor-top-column elementor-element elementor-element-7936f4f9\" data-id=\"7936f4f9\" data-element_type=\"column\">\n\t\t\t<div class=\"elementor-column-wrap elementor-element-populated\">\n\t\t\t\t\t\t\t<div class=\"elementor-widget-wrap\">\n\t\t\t\t\t\t<div class=\"elementor-element elementor-element-11e1b3e elementor-widget elementor-widget-text-editor\" data-id=\"11e1b3e\" data-element_type=\"widget\" data-widget_type=\"text-editor.default\">\n\t\t\t\t<div class=\"elementor-widget-container\">\n\t\t\t\t\t\t\t\t<div class=\"elementor-text-editor elementor-clearfix\">\n\t\t\t\t<p><span data-contrast=\"auto\">Le c<\/span><span data-contrast=\"auto\">onservatoire de musique <\/span><span data-contrast=\"auto\">situ\u00e9 au<\/span> <span data-contrast=\"auto\">c\u0153ur <\/span><span data-contrast=\"auto\">de la vieille ville, a deux champs d<\/span><span data-contrast=\"auto\">\u2019<\/span><span data-contrast=\"auto\">action prioritaires : la <\/span><span data-contrast=\"auto\">formation et la diffusion musicales et artistiques. Il occupe une place pr\u00e9pond\u00e9r<\/span><span data-contrast=\"auto\">ante dans la vie culturelle de la ville et du<\/span><span data-contrast=\"auto\">\u202f\u00a0<\/span><span data-contrast=\"auto\">d<\/span><span data-contrast=\"auto\">\u00e9<\/span><span data-contrast=\"auto\">partement<\/span><span data-contrast=\"auto\">,<\/span><span data-contrast=\"auto\"> dans le cadre du sch<\/span><span data-contrast=\"auto\">\u00e9<\/span><span data-contrast=\"auto\">ma d<\/span><span data-contrast=\"auto\">\u00e9<\/span><span data-contrast=\"auto\">partemental des enseignements artistiques.<\/span> <span data-contrast=\"auto\">Ses <\/span><span data-contrast=\"auto\">missions<\/span><span data-contrast=\"auto\">\u202f<\/span><span data-contrast=\"auto\">sont renforc<\/span><span data-contrast=\"auto\">\u00e9<\/span><span data-contrast=\"auto\">es, enrichies et \u00e9tay\u00e9es par de nombreux partenariats privil\u00e9gi\u00e9s.<\/span><span data-ccp-props=\"{\">\u00a0<\/span><\/p><p><span data-contrast=\"auto\">Pr\u00e8s de <strong>500 \u00e9l\u00e8<\/strong><\/span><span data-contrast=\"auto\"><strong>ves<\/strong> s\u2019y rendent chaque semaine.<\/span><span data-contrast=\"auto\"> L\u2019\u00e9quipe p\u00e9dagogique est constitu\u00e9e de <strong>32\u00a0<\/strong><\/span><strong>\u202fprof<\/strong><span data-contrast=\"auto\"><strong>esseurs<\/strong> qui enseignent <\/span><span data-contrast=\"auto\"><strong>35 disciplines<\/strong> diff<\/span><span data-contrast=\"auto\">\u00e9<\/span><span data-contrast=\"auto\">rentes dans une grande diversit<\/span><span data-contrast=\"auto\">\u00e9<\/span><span data-contrast=\"auto\"> de<\/span><span data-contrast=\"auto\"> genres<\/span><span data-contrast=\"auto\">,<\/span><span data-contrast=\"auto\"> allant de la musique ancienne aux musiques actuelles.<\/span><span data-ccp-props=\"{\">\u00a0<\/span><\/p><p><strong>Clarinette, fl\u00fbte traversi\u00e8re, hautbois, saxophone, trompette, trombone, saxhorn, cor, violon, alto, violoncelle, contrebasse, clavecin, orgue, piano, guitare, percussions, chant, batterie, guitare \u00e9lectrique, basse \u00e9lectrique, jazz\u2026\u00a0<\/strong><\/p><p><span data-contrast=\"auto\">Et pratiques collectives aussi : <strong>ch\u0153ur d\u2019enfants, classe d\u2019orchestre, b<\/strong><\/span><strong>ig<\/strong><span data-contrast=\"auto\"><strong>\u00a0band, atelier de chanson fran\u00e7aise, atelier chanson d\u2019ici et d\u2019ailleurs, atelier jazz, atelier rock et ensembles instrumentaux<\/strong>.<\/span><span data-ccp-props=\"{\">\u00a0<\/span><\/p><p><span data-contrast=\"auto\">De l\u2019\u00e9veil musical d\u00e8s 6 ans gr\u00e2ce aux jeux, chants ou activit\u00e9s ludiques, jusqu\u2019\u00e0 la formation musicale pour adultes, le conservatoire offre un \u00e9ventail d\u2019activit\u00e9s et une exp\u00e9rience unique, celui de l\u2019appartenance \u00e0 une maison qui a vu na\u00eetre de grands talents et qui a su faire aimer la musique aux plus petits comme aux plus grands.\u00a0\u00a0<\/span><span data-ccp-props=\"{\">\u00a0<\/span><\/p><p><span data-contrast=\"auto\">Plus de <strong>70 concerts<\/strong> sont donn\u00e9s chaque ann\u00e9e scolaire.<\/span> <span data-contrast=\"auto\">Les concerts d<\/span><span data-contrast=\"auto\">\u2019\u00e9l\u00e8ves sont en acc\u00e8s libre<\/span><span data-contrast=\"auto\">.<\/span><span data-ccp-props=\"{\">\u00a0<\/span><\/p><p><span data-contrast=\"auto\"><strong>\u2192 Les inscriptions au conservatoire ont lieu \u00e0 partir de la fin du mois d\u2019ao\u00fbt de chaque ann\u00e9e<\/strong>.<\/span><span data-ccp-props=\"{\">\u00a0<\/span><\/p>\t\t\t\t\t<\/div>\n\t\t\t\t\t\t<\/div>\n\t\t\t\t<\/div>\n\t\t\t\t\t\t<\/div>\n\t\t\t\t\t<\/div>\n\t\t<\/div>\n\t\t\t\t\t\t\t\t<\/div>\n\t\t\t\t\t<\/div>\n\t\t<\/section>\n\t\t\t\t<section class=\"elementor-section elementor-top-section elementor-element elementor-element-64c8b919 elementor-section-boxed elementor-section-height-default elementor-section-height-default\" data-id=\"64c8b919\" data-element_type=\"section\">\n\t\t\t\t\t\t<div class=\"elementor-container elementor-column-gap-default\">\n\t\t\t\t\t\t\t<div class=\"elementor-row\">\n\t\t\t\t\t<div class=\"elementor-column elementor-col-100 elementor-top-column elementor-element elementor-element-364c3b60\" data-id=\"364c3b60\" data-element_type=\"column\">\n\t\t\t<div class=\"elementor-column-wrap elementor-element-populated\">\n\t\t\t\t\t\t\t<div class=\"elementor-widget-wrap\">\n\t\t\t\t\t\t<div class=\"elementor-element elementor-element-60834c5a elementor-widget elementor-widget-text-editor\" data-id=\"60834c5a\" data-element_type=\"widget\" data-widget_type=\"text-editor.default\">\n\t\t\t\t<div class=\"elementor-widget-container\">\n\t\t\t\t\t\t\t\t<div class=\"elementor-text-editor elementor-clearfix\">\n\t\t\t\t\t\t\t\t\t<\/div>\n\t\t\t\t\t\t<\/div>\n\t\t\t\t<\/div>\n\t\t\t\t\t\t<\/div>\n\t\t\t\t\t<\/div>\n\t\t<\/div>\n\t\t\t\t\t\t\t\t<\/div>\n\t\t\t\t\t<\/div>\n\t\t<\/section>\n\t\t\t\t\t\t\t\t\t<\/div>\n\t\t\t<\/div>\n\t\t\t\t\t<\/div>\n\t\t","protected":false},"excerpt":{"rendered":"<p>le conservatoire de musique 12 rue dutailly52000 chaumont03 25 30 60 50 horaires ouvert du lundi au vendredi de 9h a\u0300 11h30 &amp; de 14h a\u0300 18h samedi de 9h [&hellip;]<\/p>\n","protected":false},"author":3,"featured_media":4858,"template":"","meta":{"_uag_custom_page_level_css":""},"yoast_head":"<!-- This site is optimized with the Yoast SEO plugin v21.1 - https:\/\/yoast.com\/wordpress\/plugins\/seo\/ -->\n<title>le conservatoire de musique - Les Saisons Culturelles de Chaumont<\/title>\n<meta name=\"robots\" content=\"noindex, follow, max-snippet:-1, max-image-preview:large, max-video-preview:-1\" \/>\n<meta property=\"og:locale\" content=\"fr_FR\" \/>\n<meta property=\"og:type\" content=\"article\" \/>\n<meta property=\"og:title\" content=\"le conservatoire de musique - Les Saisons Culturelles de Chaumont\" \/>\n<meta property=\"og:description\" content=\"le conservatoire de musique 12 rue dutailly52000 chaumont03 25 30 60 50 horaires ouvert du lundi au vendredi de 9h a\u0300 11h30 &amp; de 14h a\u0300 18h samedi de 9h [&hellip;]\" \/>\n<meta property=\"og:url\" content=\"https:\/\/saisonsculturelleschaumont.fr\/mdxpuixt\/qui\/le-conservatoire\/\" \/>\n<meta property=\"og:site_name\" content=\"Les Saisons Culturelles de Chaumont\" \/>\n<meta property=\"article:publisher\" content=\"https:\/\/www.facebook.com\/saisonsculturelleschaumont\/\" \/>\n<meta property=\"article:modified_time\" content=\"2023-08-03T14:30:07+00:00\" \/>\n<meta property=\"og:image\" content=\"https:\/\/saisonsculturelleschaumont.fr\/mdxpuixt\/wp-content\/uploads\/2019\/08\/conservatoire-org.png\" \/>\n\t<meta property=\"og:image:width\" content=\"1311\" \/>\n\t<meta property=\"og:image:height\" content=\"779\" \/>\n\t<meta property=\"og:image:type\" content=\"image\/png\" \/>\n<meta name=\"twitter:card\" content=\"summary_large_image\" \/>\n<meta name=\"twitter:label1\" content=\"Dur\u00e9e de lecture estim\u00e9e\" \/>\n\t<meta name=\"twitter:data1\" content=\"2 minutes\" \/>\n<script type=\"application\/ld+json\" class=\"yoast-schema-graph\">{\"@context\":\"https:\/\/schema.org\",\"@graph\":[{\"@type\":\"WebPage\",\"@id\":\"https:\/\/saisonsculturelleschaumont.fr\/mdxpuixt\/qui\/le-conservatoire\/\",\"url\":\"https:\/\/saisonsculturelleschaumont.fr\/mdxpuixt\/qui\/le-conservatoire\/\",\"name\":\"le conservatoire de musique - Les Saisons Culturelles de Chaumont\",\"isPartOf\":{\"@id\":\"https:\/\/saisonsculturelleschaumont.fr\/mdxpuixt\/#website\"},\"datePublished\":\"2019-08-02T07:50:39+00:00\",\"dateModified\":\"2023-08-03T14:30:07+00:00\",\"breadcrumb\":{\"@id\":\"https:\/\/saisonsculturelleschaumont.fr\/mdxpuixt\/qui\/le-conservatoire\/#breadcrumb\"},\"inLanguage\":\"fr-FR\",\"potentialAction\":[{\"@type\":\"ReadAction\",\"target\":[\"https:\/\/saisonsculturelleschaumont.fr\/mdxpuixt\/qui\/le-conservatoire\/\"]}]},{\"@type\":\"BreadcrumbList\",\"@id\":\"https:\/\/saisonsculturelleschaumont.fr\/mdxpuixt\/qui\/le-conservatoire\/#breadcrumb\",\"itemListElement\":[{\"@type\":\"ListItem\",\"position\":1,\"name\":\"Accueil\",\"item\":\"https:\/\/saisonsculturelleschaumont.fr\/mdxpuixt\/\"},{\"@type\":\"ListItem\",\"position\":2,\"name\":\"le conservatoire de musique\"}]},{\"@type\":\"WebSite\",\"@id\":\"https:\/\/saisonsculturelleschaumont.fr\/mdxpuixt\/#website\",\"url\":\"https:\/\/saisonsculturelleschaumont.fr\/mdxpuixt\/\",\"name\":\"Les Saisons Culturelles de Chaumont\",\"description\":\"\",\"potentialAction\":[{\"@type\":\"SearchAction\",\"target\":{\"@type\":\"EntryPoint\",\"urlTemplate\":\"https:\/\/saisonsculturelleschaumont.fr\/mdxpuixt\/?s={search_term_string}\"},\"query-input\":\"required name=search_term_string\"}],\"inLanguage\":\"fr-FR\"}]}<\/script>\n<!-- \/ Yoast SEO plugin. -->","yoast_head_json":{"title":"le conservatoire de musique - Les Saisons Culturelles de Chaumont","robots":{"index":"noindex","follow":"follow","max-snippet":"max-snippet:-1","max-image-preview":"max-image-preview:large","max-video-preview":"max-video-preview:-1"},"og_locale":"fr_FR","og_type":"article","og_title":"le conservatoire de musique - Les Saisons Culturelles de Chaumont","og_description":"le conservatoire de musique 12 rue dutailly52000 chaumont03 25 30 60 50 horaires ouvert du lundi au vendredi de 9h a\u0300 11h30 &amp; de 14h a\u0300 18h samedi de 9h [&hellip;]","og_url":"https:\/\/saisonsculturelleschaumont.fr\/mdxpuixt\/qui\/le-conservatoire\/","og_site_name":"Les Saisons Culturelles de Chaumont","article_publisher":"https:\/\/www.facebook.com\/saisonsculturelleschaumont\/","article_modified_time":"2023-08-03T14:30:07+00:00","og_image":[{"width":1311,"height":779,"url":"https:\/\/saisonsculturelleschaumont.fr\/mdxpuixt\/wp-content\/uploads\/2019\/08\/conservatoire-org.png","type":"image\/png"}],"twitter_card":"summary_large_image","twitter_misc":{"Dur\u00e9e de lecture estim\u00e9e":"2 minutes"},"schema":{"@context":"https:\/\/schema.org","@graph":[{"@type":"WebPage","@id":"https:\/\/saisonsculturelleschaumont.fr\/mdxpuixt\/qui\/le-conservatoire\/","url":"https:\/\/saisonsculturelleschaumont.fr\/mdxpuixt\/qui\/le-conservatoire\/","name":"le conservatoire de musique - Les Saisons Culturelles de Chaumont","isPartOf":{"@id":"https:\/\/saisonsculturelleschaumont.fr\/mdxpuixt\/#website"},"datePublished":"2019-08-02T07:50:39+00:00","dateModified":"2023-08-03T14:30:07+00:00","breadcrumb":{"@id":"https:\/\/saisonsculturelleschaumont.fr\/mdxpuixt\/qui\/le-conservatoire\/#breadcrumb"},"inLanguage":"fr-FR","potentialAction":[{"@type":"ReadAction","target":["https:\/\/saisonsculturelleschaumont.fr\/mdxpuixt\/qui\/le-conservatoire\/"]}]},{"@type":"BreadcrumbList","@id":"https:\/\/saisonsculturelleschaumont.fr\/mdxpuixt\/qui\/le-conservatoire\/#breadcrumb","itemListElement":[{"@type":"ListItem","position":1,"name":"Accueil","item":"https:\/\/saisonsculturelleschaumont.fr\/mdxpuixt\/"},{"@type":"ListItem","position":2,"name":"le conservatoire de musique"}]},{"@type":"WebSite","@id":"https:\/\/saisonsculturelleschaumont.fr\/mdxpuixt\/#website","url":"https:\/\/saisonsculturelleschaumont.fr\/mdxpuixt\/","name":"Les Saisons Culturelles de Chaumont","description":"","potentialAction":[{"@type":"SearchAction","target":{"@type":"EntryPoint","urlTemplate":"https:\/\/saisonsculturelleschaumont.fr\/mdxpuixt\/?s={search_term_string}"},"query-input":"required name=search_term_string"}],"inLanguage":"fr-FR"}]}},"uagb_featured_image_src":{"full":["https:\/\/saisonsculturelleschaumont.fr\/mdxpuixt\/wp-content\/uploads\/2019\/08\/conservatoire-org.png",1311,779,false],"thumbnail":["https:\/\/saisonsculturelleschaumont.fr\/mdxpuixt\/wp-content\/uploads\/2019\/08\/conservatoire-org-80x80.png",80,80,true],"medium":["https:\/\/saisonsculturelleschaumont.fr\/mdxpuixt\/wp-content\/uploads\/2019\/08\/conservatoire-org-300x300.png",300,300,true],"medium_large":["https:\/\/saisonsculturelleschaumont.fr\/mdxpuixt\/wp-content\/uploads\/2019\/08\/conservatoire-org-768x768.png",768,768,true],"large":["https:\/\/saisonsculturelleschaumont.fr\/mdxpuixt\/wp-content\/uploads\/2019\/08\/conservatoire-org-1030x779.png",1030,779,true],"1536x1536":["https:\/\/saisonsculturelleschaumont.fr\/mdxpuixt\/wp-content\/uploads\/2019\/08\/conservatoire-org.png",1311,779,false],"2048x2048":["https:\/\/saisonsculturelleschaumont.fr\/mdxpuixt\/wp-content\/uploads\/2019\/08\/conservatoire-org.png",1311,779,false],"widget":["https:\/\/saisonsculturelleschaumont.fr\/mdxpuixt\/wp-content\/uploads\/2019\/08\/conservatoire-org-36x36.png",36,36,true],"square":["https:\/\/saisonsculturelleschaumont.fr\/mdxpuixt\/wp-content\/uploads\/2019\/08\/conservatoire-org-180x180.png",180,180,true],"featured":["https:\/\/saisonsculturelleschaumont.fr\/mdxpuixt\/wp-content\/uploads\/2019\/08\/conservatoire-org-1311x430.png",1311,430,true],"featured_large":["https:\/\/saisonsculturelleschaumont.fr\/mdxpuixt\/wp-content\/uploads\/2019\/08\/conservatoire-org-1311x630.png",1311,630,true],"extra_large":["https:\/\/saisonsculturelleschaumont.fr\/mdxpuixt\/wp-content\/uploads\/2019\/08\/conservatoire-org.png",1311,779,false],"portfolio":["https:\/\/saisonsculturelleschaumont.fr\/mdxpuixt\/wp-content\/uploads\/2019\/08\/conservatoire-org-495x400.png",495,400,true],"portfolio_small":["https:\/\/saisonsculturelleschaumont.fr\/mdxpuixt\/wp-content\/uploads\/2019\/08\/conservatoire-org-260x185.png",260,185,true],"gallery":["https:\/\/saisonsculturelleschaumont.fr\/mdxpuixt\/wp-content\/uploads\/2019\/08\/conservatoire-org-845x684.png",845,684,true],"magazine":["https:\/\/saisonsculturelleschaumont.fr\/mdxpuixt\/wp-content\/uploads\/2019\/08\/conservatoire-org-710x375.png",710,375,true],"masonry":["https:\/\/saisonsculturelleschaumont.fr\/mdxpuixt\/wp-content\/uploads\/2019\/08\/conservatoire-org-705x419.png",705,419,true],"entry_with_sidebar":["https:\/\/saisonsculturelleschaumont.fr\/mdxpuixt\/wp-content\/uploads\/2019\/08\/conservatoire-org-845x321.png",845,321,true],"entry_without_sidebar":["https:\/\/saisonsculturelleschaumont.fr\/mdxpuixt\/wp-content\/uploads\/2019\/08\/conservatoire-org-1210x423.png",1210,423,true]},"uagb_author_info":{"display_name":"Justine Ansel","author_link":"https:\/\/saisonsculturelleschaumont.fr\/mdxpuixt\/author\/justine-ansel\/"},"uagb_comment_info":0,"uagb_excerpt":"le conservatoire de musique 12 rue dutailly52000 chaumont03 25 30 60 50 horaires ouvert du lundi au vendredi de 9h a\u0300 11h30 &amp; de 14h a\u0300 18h samedi de 9h [&hellip;]","_links":{"self":[{"href":"https:\/\/saisonsculturelleschaumont.fr\/mdxpuixt\/wp-json\/wp\/v2\/tribe_organizer\/2911"}],"collection":[{"href":"https:\/\/saisonsculturelleschaumont.fr\/mdxpuixt\/wp-json\/wp\/v2\/tribe_organizer"}],"about":[{"href":"https:\/\/saisonsculturelleschaumont.fr\/mdxpuixt\/wp-json\/wp\/v2\/types\/tribe_organizer"}],"author":[{"embeddable":true,"href":"https:\/\/saisonsculturelleschaumont.fr\/mdxpuixt\/wp-json\/wp\/v2\/users\/3"}],"version-history":[{"count":0,"href":"https:\/\/saisonsculturelleschaumont.fr\/mdxpuixt\/wp-json\/wp\/v2\/tribe_organizer\/2911\/revisions"}],"wp:featuredmedia":[{"embeddable":true,"href":"https:\/\/saisonsculturelleschaumont.fr\/mdxpuixt\/wp-json\/wp\/v2\/media\/4858"}],"wp:attachment":[{"href":"https:\/\/saisonsculturelleschaumont.fr\/mdxpuixt\/wp-json\/wp\/v2\/media?parent=2911"}],"curies":[{"name":"wp","href":"https:\/\/api.w.org\/{rel}","templated":true}]}}